{"id":5312,"date":"2023-11-14T09:12:12","date_gmt":"2023-11-14T08:12:12","guid":{"rendered":"https:\/\/www.in-memory.fr\/?page_id=5312"},"modified":"2023-11-15T14:41:04","modified_gmt":"2023-11-15T13:41:04","slug":"datenschutzrichtlinie","status":"publish","type":"page","link":"https:\/\/www.in-memory.fr\/?page_id=5312&lang=de","title":{"rendered":"Datenschutzrichtlinie"},"content":{"rendered":"\t\t<div data-elementor-type=\"wp-page\" data-elementor-id=\"5312\" class=\"elementor elementor-5312\">\n\t\t\t\t\t\t<section class=\"elementor-section elementor-top-section elementor-element elementor-element-b0f0283 elementor-section-full_width elementor-section-height-default elementor-section-height-default\" data-id=\"b0f0283\" data-element_type=\"section\" data-e-type=\"section\">\n\t\t\t\t\t\t<div class=\"elementor-container elementor-column-gap-default\">\n\t\t\t\t\t<div class=\"elementor-column elementor-col-100 elementor-top-column elementor-element elementor-element-0d147f4\" data-id=\"0d147f4\" data-element_type=\"column\" data-e-type=\"column\" data-settings=\"{&quot;background_background&quot;:&quot;classic&quot;}\">\n\t\t\t<div class=\"elementor-widget-wrap elementor-element-populated\">\n\t\t\t\t\t\t<section class=\"elementor-section elementor-inner-section elementor-element elementor-element-2380d73 elementor-section-boxed elementor-section-height-default elementor-section-height-default\" data-id=\"2380d73\" data-element_type=\"section\" data-e-type=\"section\">\n\t\t\t\t\t\t<div class=\"elementor-container elementor-column-gap-default\">\n\t\t\t\t\t<div class=\"elementor-column elementor-col-100 elementor-inner-column elementor-element elementor-element-c950000\" data-id=\"c950000\" data-element_type=\"column\" data-e-type=\"column\">\n\t\t\t<div class=\"elementor-widget-wrap elementor-element-populated\">\n\t\t\t\t\t\t<div class=\"elementor-element elementor-element-4611838 elementor-widget elementor-widget-heading\" data-id=\"4611838\" data-element_type=\"widget\" data-e-type=\"widget\" data-widget_type=\"heading.default\">\n\t\t\t\t<div class=\"elementor-widget-container\">\n\t\t\t\t\t<h2 class=\"elementor-heading-title elementor-size-default\">Datenschutzrichtlinie<\/h2>\t\t\t\t<\/div>\n\t\t\t\t<\/div>\n\t\t\t\t\t<\/div>\n\t\t<\/div>\n\t\t\t\t\t<\/div>\n\t\t<\/section>\n\t\t\t\t\t<\/div>\n\t\t<\/div>\n\t\t\t\t\t<\/div>\n\t\t<\/section>\n\t\t\t\t<section class=\"elementor-section elementor-top-section elementor-element elementor-element-44e5226 elementor-section-boxed elementor-section-height-default elementor-section-height-default\" data-id=\"44e5226\" data-element_type=\"section\" data-e-type=\"section\">\n\t\t\t\t\t\t<div class=\"elementor-container elementor-column-gap-default\">\n\t\t\t\t\t<div class=\"elementor-column elementor-col-100 elementor-top-column elementor-element elementor-element-a6b699b\" data-id=\"a6b699b\" data-element_type=\"column\" data-e-type=\"column\">\n\t\t\t<div class=\"elementor-widget-wrap elementor-element-populated\">\n\t\t\t\t\t\t<div class=\"elementor-element elementor-element-ef9487e elementor-widget elementor-widget-text-editor\" data-id=\"ef9487e\" data-element_type=\"widget\" data-e-type=\"widget\" data-widget_type=\"text-editor.default\">\n\t\t\t\t<div class=\"elementor-widget-container\">\n\t\t\t\t\t\t\t\t\t<p><strong>In-memory SAS<\/strong> verarbeitet im Rahmen ihrer Gesch\u00e4ftst\u00e4tigkeit Informationen \u00fcber Sie.<\/p><p>Bei der Erstellung eines Benutzerkontos in der Anwendung <strong>In-memory<\/strong> werden bestimmte eingegebene Informationen zum Zweck der Identifikation und Nutzung gespeichert. Diese Daten betreffen alle Informationen, die eine nat\u00fcrliche Person direkt oder indirekt identifizieren: E-Mail, Vorname, Nachname, Adresse, Geburtsdatum usw.<\/p><p>Dieses Dokument soll transparent \u00fcber die Bedingungen informieren, unter denen <strong>In-memory<\/strong> die Daten von Interessenten, Benutzern und Kunden sammelt, verarbeitet, speichert, archiviert und l\u00f6scht.<\/p>\t\t\t\t\t\t\t\t<\/div>\n\t\t\t\t<\/div>\n\t\t\t\t<div class=\"elementor-element elementor-element-1602336 elementor-widget elementor-widget-heading\" data-id=\"1602336\" data-element_type=\"widget\" data-e-type=\"widget\" data-widget_type=\"heading.default\">\n\t\t\t\t<div class=\"elementor-widget-container\">\n\t\t\t\t\t<h2 class=\"elementor-heading-title elementor-size-default\">1- Vorstellung von In-memory<\/h2>\t\t\t\t<\/div>\n\t\t\t\t<\/div>\n\t\t\t\t<div class=\"elementor-element elementor-element-dce3bb3 elementor-widget elementor-widget-text-editor\" data-id=\"dce3bb3\" data-element_type=\"widget\" data-e-type=\"widget\" data-widget_type=\"text-editor.default\">\n\t\t\t\t<div class=\"elementor-widget-container\">\n\t\t\t\t\t\t\t\t\t<p style=\"margin: 0cm 0cm 8pt; font-size: 12pt; font-family: 'Roboto', serif; color: #7a7a7a;\"><strong>In-memory<\/strong>, eine vereinfachte Aktiengesellschaft mit Sitz in der 25 Rue de Verneuil, 75007 Paris, stellt die Anwendung <strong>In-memory<\/strong> zur Verf\u00fcgung, die in den Stores verf\u00fcgbar ist und von der der Benutzer frei herunterladen kann. Dabei hat der Benutzer Zugriff auf die <strong>In-memory<\/strong>-Messaging-Plattform, die ihm die automatische \u00dcbertragung von Nachrichten und pers\u00f6nlichen Informationen nur und ausschlie\u00dflich im Todesfall erm\u00f6glicht.<\/p>\t\t\t\t\t\t\t\t<\/div>\n\t\t\t\t<\/div>\n\t\t\t\t<div class=\"elementor-element elementor-element-6b24c10 elementor-widget elementor-widget-heading\" data-id=\"6b24c10\" data-element_type=\"widget\" data-e-type=\"widget\" data-widget_type=\"heading.default\">\n\t\t\t\t<div class=\"elementor-widget-container\">\n\t\t\t\t\t<h2 class=\"elementor-heading-title elementor-size-default\">2- Personenbezogene Daten<\/h2>\t\t\t\t<\/div>\n\t\t\t\t<\/div>\n\t\t\t\t<div class=\"elementor-element elementor-element-07a5e71 elementor-widget elementor-widget-text-editor\" data-id=\"07a5e71\" data-element_type=\"widget\" data-e-type=\"widget\" data-widget_type=\"text-editor.default\">\n\t\t\t\t<div class=\"elementor-widget-container\">\n\t\t\t\t\t\t\t\t\t<div class=\"group w-full text-token-text-primary border-b border-black\/10 gizmo:border-0 dark:border-gray-900\/50 gizmo:dark:border-0 bg-gray-50 gizmo:bg-transparent dark:bg-[#444654] gizmo:dark:bg-transparent\" data-testid=\"conversation-turn-327\"><div class=\"p-4 gizmo:py-2 justify-center text-base md:gap-6 md:py-6 m-auto\"><div class=\"flex flex-1 gap-4 text-base mx-auto md:gap-6 gizmo:gap-3 gizmo:md:px-5 gizmo:lg:px-1 gizmo:xl:px-5 md:max-w-2xl lg:max-w-[38rem] gizmo:md:max-w-3xl gizmo:lg:max-w-[40rem] gizmo:xl:max-w-[48rem] xl:max-w-3xl }\"><div class=\"relative flex w-[calc(100%-50px)] flex-col gizmo:w-full lg:w-[calc(100%-115px)] agent-turn\"><div class=\"flex-col gap-1 md:gap-3\"><div class=\"flex flex-grow flex-col max-w-full gap-3 gizmo:gap-0\"><div class=\"min-h-[20px] text-message peer flex flex-col items-start gap-3 whitespace-pre-wrap break-words peer-[.text-message]:mt-5 overflow-x-auto\" data-message-author-role=\"assistant\" data-message-id=\"5e5092b9-56ab-4d94-b67f-8d1f42e1e893\"><div class=\"markdown prose w-full break-words dark:prose-invert dark\"><p>Personenbezogene Daten, die direkt vom Benutzer w\u00e4hrend seiner Anmeldung f\u00fcr den <strong>In-memory<\/strong>-Dienst gesammelt wurden<\/p><p>Online gesammelte personenbezogene Daten im Zusammenhang mit dem Betrieb von <strong>In-memory<\/strong><\/p><p>Personenbezogene Daten, die in Form einer Gesamtstudie gesammelt wurden, um Sicherheitsaudits durchzuf\u00fchre<\/p><\/div><\/div><\/div><\/div><\/div><\/div><\/div><\/div>\t\t\t\t\t\t\t\t<\/div>\n\t\t\t\t<\/div>\n\t\t\t\t<div class=\"elementor-element elementor-element-7860371 elementor-widget elementor-widget-heading\" data-id=\"7860371\" data-element_type=\"widget\" data-e-type=\"widget\" data-widget_type=\"heading.default\">\n\t\t\t\t<div class=\"elementor-widget-container\">\n\t\t\t\t\t<h2 class=\"elementor-heading-title elementor-size-default\">3- Nutzung personenbezogener Daten<\/h2>\t\t\t\t<\/div>\n\t\t\t\t<\/div>\n\t\t\t\t<div class=\"elementor-element elementor-element-0525723 elementor-widget elementor-widget-text-editor\" data-id=\"0525723\" data-element_type=\"widget\" data-e-type=\"widget\" data-widget_type=\"text-editor.default\">\n\t\t\t\t<div class=\"elementor-widget-container\">\n\t\t\t\t\t\t\t\t\t<p>Die personenbezogenen Daten werden stets f\u00fcr klare und sinnvolle Zwecke verwendet, um die Dienstleistungen zu verbessern, die Aktivit\u00e4ten der Anwendung zu verfolgen oder gesetzlichen Anforderungen zu entsprechen.<\/p><p>Die Daten werden in den folgenden F\u00e4llen verwendet :<\/p><p><strong>Nutzung des Dienstes<\/strong><\/p><ul><li>Erstellung und Validierung des Benutzerkontos<\/li><li>Verwaltung des Benutzerprofils<\/li><li>Kontakt mit dem Kundenservice<\/li><\/ul><p class=\"MsoNormal\" style=\"margin: 0cm; font-size: 12pt; font-family: 'Times New Roman', serif; color: #000000;\"><span style=\"font-family: Arial, sans-serif; color: #636363;\">\u00a0<\/span><\/p><p><strong>Verbesserung der Dienstleistungen<\/strong><\/p><ul><li>Hinzuf\u00fcgen von Kontakten<\/li><li>Echtzeit-Verwaltung der Anwendung<\/li><li>Sicherheit der Anwendung<\/li><li>Behandlung von IT-Problemen und Zwischenf\u00e4llen<\/li><li>Bek\u00e4mpfung von Cyberangriffen aller Art<\/li><\/ul><p class=\"MsoNormal\" style=\"margin: 0cm; font-size: 12pt; font-family: 'Times New Roman', serif; color: #000000;\"><span style=\"font-family: Arial, sans-serif; color: #636363;\">\u00a0<\/span><\/p><p><strong>Einhaltung gesetzlicher und regulativer Verpflichtungen<\/strong><\/p><ul><li>Bek\u00e4mpfung von Betrug<\/li><li>Bek\u00e4mpfung der Nutzung der Anwendung zu rechtswidrigen Zwecken und entgegen den AGB<\/li><\/ul><div>\u00a0<\/div><p><strong>Beziehung und Kommunikation mit dem Benutzer<\/strong><\/p><ul><li>Durchf\u00fchrung von Marketingkommunikation<\/li><li>Angebot neuer Angebote<\/li><li>Erstellung von Nutzungsstatistiken f\u00fcr Verbesserungen der App<\/li><\/ul><div>\u00a0<\/div><p><strong>Dauer der Aufbewahrung personenbezogener Daten<\/strong><\/p><p>Die Aufbewahrungsdauer wird genau festgelegt und gilt nur bis zur Fertigstellung der angebotenen Dienstleistungen.<\/p><p>Die von In-memory gesammelten und aufbewahrten Daten umfassen:<\/p><p><span style=\"text-decoration: underline;\"><strong>Vom Benutzer bei der Erstellung angegebene Daten:<\/strong><\/span><\/p><ul><li>E-Mail-Adresse<\/li><li>Sicherheitsphrase<\/li><li>Nachname<\/li><li>Vorname<\/li><li>Telefonnummer<\/li><li>PIN-Code<\/li><\/ul><div>\u00a0<\/div><p>Diese Daten gew\u00e4hrleisten den Betrieb von In-memory und der Dienstleistungen und werden f\u00fcr die Dauer der Nutzung aufbewahrt und dann f\u00fcr ein Jahr archiviert.<\/p><p class=\"MsoNormal\" style=\"margin: 0cm; font-size: 12pt; font-family: 'Times New Roman', serif; color: #000000;\"><span style=\"font-family: Arial, sans-serif; color: #636363;\">\u00a0<\/span><\/p><p><span style=\"text-decoration: underline;\"><strong>Vertrauensdaten:<\/strong><\/span><\/p><p>Nur wenn der Kontakt f\u00fcr In-memory ausgew\u00e4hlt wurde. Wir speichern keine Informationen zu Kontakten, wenn die App auf das Adressbuch des Benutzers zugreift.<\/p><ul><li>Vorname und Nachname<\/li><li>E-Mail (falls vorhanden)<\/li><\/ul><div>\u00a0<\/div><p>Diese Daten gew\u00e4hrleisten den Betrieb von In-memory und der Dienstleistungen und werden f\u00fcr die Dauer der Nutzung aufbewahrt und dann f\u00fcr ein Jahr archiviert.<\/p><p><span style=\"text-decoration: underline;\"><strong>Durch OVH sichergestellte Speicherdaten:<\/strong><\/span><\/p><ul><li>Titel<\/li><li>Metadaten<\/li><li>Dateiname<\/li><li>Anh\u00e4nge: Audiodateien, Videos, Bilder, Dokumente, Dateien in verschiedenen Formaten<\/li><\/ul><div>\u00a0<\/div><p>Diese Daten gew\u00e4hrleisten den Betrieb von In-memory und der Dienstleistungen und werden f\u00fcr die Dauer der Nutzung aufbewahrt und dann f\u00fcr ein Jahr archiviert.<\/p><p class=\"MsoNormal\" style=\"margin: 0cm; font-size: 12pt; font-family: 'Times New Roman', serif; color: #000000;\"><span style=\"font-family: Arial, sans-serif; color: #636363;\">\u00a0<\/span><\/p><p><span style=\"text-decoration: underline;\"><strong>Besucherinformationen:<\/strong><\/span><\/p><ul><li>IP-Adresse<\/li><li>Benutzer-Agent<\/li><\/ul><div>\u00a0<\/div><p>Diese Daten sind Besucherdaten und werden von In-memory zw\u00f6lf Monate lang aufbewahrt.<\/p><p class=\"MsoNormal\" style=\"margin: 0cm; font-size: 12pt; font-family: 'Times New Roman', serif; color: #000000;\"><span style=\"font-family: Arial, sans-serif; color: #636363;\">\u00a0<\/span><\/p><div class=\"group w-full text-token-text-primary border-b border-black\/10 gizmo:border-0 dark:border-gray-900\/50 gizmo:dark:border-0 bg-gray-50 gizmo:bg-transparent dark:bg-[#444654] gizmo:dark:bg-transparent\" data-testid=\"conversation-turn-331\"><div class=\"p-4 gizmo:py-2 justify-center text-base md:gap-6 md:py-6 m-auto\"><div class=\"flex flex-1 gap-4 text-base mx-auto md:gap-6 gizmo:gap-3 gizmo:md:px-5 gizmo:lg:px-1 gizmo:xl:px-5 md:max-w-2xl lg:max-w-[38rem] gizmo:md:max-w-3xl gizmo:lg:max-w-[40rem] gizmo:xl:max-w-[48rem] xl:max-w-3xl }\"><div class=\"relative flex w-[calc(100%-50px)] flex-col gizmo:w-full lg:w-[calc(100%-115px)] agent-turn\"><div class=\"flex-col gap-1 md:gap-3\"><div class=\"flex flex-grow flex-col max-w-full gap-3 gizmo:gap-0\"><div class=\"min-h-[20px] text-message peer flex flex-col items-start gap-3 whitespace-pre-wrap break-words peer-[.text-message]:mt-5 overflow-x-auto\" data-message-author-role=\"assistant\" data-message-id=\"fb99ebd9-381a-4891-826a-54af9af79bd5\"><div class=\"markdown prose w-full break-words dark:prose-invert dark\"><p>Prospektions- oder Gesch\u00e4ftsbeziehungsinformationen werden f\u00fcr die Dauer der Nutzung aufbewahrt und dann f\u00fcr zwei Jahre archiviert.<\/p><p>Rechnungsdaten werden gesetzlich zehn Jahre lang aufbewahrt.<\/p><p><strong>In-memory<\/strong> hat auch Zugriff auf Einkaufsdaten im Store bez\u00fcglich der <strong>In-memory<\/strong>-Anwendung, jedoch nicht auf Zahlungsinformationen.<\/p><p><strong>In-memory<\/strong> befolgt die Empfehlungen der CNIL zum Schutz personenbezogener Daten.<\/p><p>Personenbezogene Daten werden niemals an Dritte weitergegeben, sie sind streng vertraulich und von Ende zu Ende verschl\u00fcsselt.<\/p><\/div><\/div><\/div><\/div><\/div><\/div><\/div><\/div>\t\t\t\t\t\t\t\t<\/div>\n\t\t\t\t<\/div>\n\t\t\t\t<div class=\"elementor-element elementor-element-785f4c2 elementor-widget elementor-widget-heading\" data-id=\"785f4c2\" data-element_type=\"widget\" data-e-type=\"widget\" data-widget_type=\"heading.default\">\n\t\t\t\t<div class=\"elementor-widget-container\">\n\t\t\t\t\t<h2 class=\"elementor-heading-title elementor-size-default\">4- Rechte des Benutzers f\u00fcr seine pers\u00f6nlichen Daten<\/h2>\t\t\t\t<\/div>\n\t\t\t\t<\/div>\n\t\t\t\t<div class=\"elementor-element elementor-element-0bae2bf elementor-widget elementor-widget-text-editor\" data-id=\"0bae2bf\" data-element_type=\"widget\" data-e-type=\"widget\" data-widget_type=\"text-editor.default\">\n\t\t\t\t<div class=\"elementor-widget-container\">\n\t\t\t\t\t\t\t\t\t<p>In-memory SAS unterliegt einer Regulierung, die ein sehr hohes Ma\u00df an Sicherheit und Vertraulichkeit f\u00fcr Daten vorschreibt, und die Vorschriften sind sehr pr\u00e4zise, was die Aufbewahrung, Verarbeitung oder \u00dcbertragung betrifft.<\/p><p>Die Benutzer haben das Recht auf Zugriff, Berichtigung, Widerspruch, Einschr\u00e4nkung, L\u00f6schung und \u00dcbertragbarkeit ihrer pers\u00f6nlichen Daten. Die Benutzer haben das Recht, Anweisungen zur Aufbewahrung, L\u00f6schung und Weitergabe ihrer pers\u00f6nlichen Daten nach ihrem Tod zu geben.<\/p><p>Die Benutzer haben das Recht, bei der CNIL (Commission Nationale de l&rsquo;Informatique et des Libert\u00e9s) eine Beschwerde einzureichen.<\/p><p>Standard-Sicherheitsverfahren in der <strong>In-memory<\/strong>-Anwendung :<\/p><ul><li>Vollst\u00e4ndige und sichere Ende-zu-Ende-Verschl\u00fcsselung der in <strong>In-memory<\/strong> hinzugef\u00fcgten Daten<\/li><li>Hochsichere Speicherserver<\/li><li>Permanente \u00dcberpr\u00fcfungen der Integrit\u00e4t Ihrer Daten und der Anwendung<\/li><\/ul><div>\u00a0<\/div><p>Im Falle eines festgestellten Vorfalls, der die pers\u00f6nlichen Daten betrifft, verpflichtet sich <strong>In-memory<\/strong> gem\u00e4\u00df den Vorschriften, die Commission Nationale Informatique et Libert\u00e9s (CNIL) innerhalb von maximal 72 Stunden zu informieren. In diesem Fall w\u00fcrde <strong>In-memory<\/strong> gem\u00e4\u00df den Anweisungen und Ratschl\u00e4gen der CNIL seine Benutzer \u00fcber die Risiken und die zu ergreifenden Ma\u00dfnahmen informieren.<\/p><p><span style=\"text-decoration: underline;\"><strong>Zugangsrecht\u00a0<\/strong><\/span><\/p><p><span style=\"color: var( --e-global-color-text ); font-family: var( --e-global-typography-text-font-family ), Sans-serif; font-weight: var( --e-global-typography-text-font-weight ); font-size: 1rem;\">Um von In-memory zu erfahren, welche personenbezogenen Daten Sie betreffen und von unseren Diensten verarbeitet werden: <\/span>contact@in-memory.fr<span style=\"color: var( --e-global-color-text ); font-family: var( --e-global-typography-text-font-family ), Sans-serif; font-weight: var( --e-global-typography-text-font-weight ); font-size: 1rem;\"> unter Angabe des Zwecks Ihrer Anfrage:<\/span><\/p><ul><li><strong>Recht auf Berichtigung<\/strong> \u2013 \u00c4nderung Ihrer personenbezogenen Daten<\/li><li><strong>Widerspruchsrecht<\/strong> \u2013 Aufforderung zur Beendigung der Verarbeitung Ihrer Daten durch In-memory, insbesondere durch direkte Abmeldung von unseren kommerziellen E-Mail-Versendungen<\/li><li><strong>Recht auf Vergessenwerden<\/strong> \u2013 vollst\u00e4ndige und endg\u00fcltige L\u00f6schung Ihres In-memory-Kontos; archivierte Daten f\u00fcr ein Jahr<\/li><\/ul><div>\u00a0<\/div><p><span style=\"text-decoration: underline;\"><strong>Recht auf Daten\u00fcbertragbarkeit<\/strong><\/span><\/p><ul><li>Die von Ihnen selbst gemachten Angaben werden zur\u00fcckgegeben<\/li><li>Daten im Zusammenhang mit dem Betrieb von Produkten und Dienstleistungen werden nicht zur\u00fcckgegeben<\/li><li>Pers\u00f6nliche Daten aus \u00f6ffentlichen Informationen werden nicht zur\u00fcckgegeben<\/li><li>Pers\u00f6nliche Daten, die f\u00fcr externe Auditkontrollen n\u00fctzlich sind, werden nicht zur\u00fcckgegeben<\/li><\/ul><div>\u00a0<\/div><p><span style=\"text-decoration: underline;\"><strong>Recht zur Festlegung von Anweisungen f\u00fcr den Verbleib Ihrer Daten nach Ihrem Tod<\/strong><\/span><\/p><p>Dieses Recht erm\u00f6glicht es Ihnen, Anweisungen zur Aufbewahrung, L\u00f6schung und Weitergabe Ihrer pers\u00f6nlichen Daten nach Ihrem Tod zu geben.<\/p><p><strong>In-memory<\/strong> bewahrt dann die pers\u00f6nlichen Daten des Verstorbenen im gesetzlich vorgeschriebenen Rahmen auf.<\/p><p><span style=\"text-decoration: underline;\"><strong>Datenschutzbeauftragter<\/strong><\/span><\/p><p>Der Datenschutzbeauftragte von In-memory \u00fcberwacht die Einhaltung der Vorschriften und ist der Hauptansprechpartner der CNIL in Bezug auf den Schutz und die Sicherheit von Daten.<\/p>\t\t\t\t\t\t\t\t<\/div>\n\t\t\t\t<\/div>\n\t\t\t\t<div class=\"elementor-element elementor-element-f92d7b5 elementor-widget elementor-widget-heading\" data-id=\"f92d7b5\" data-element_type=\"widget\" data-e-type=\"widget\" data-widget_type=\"heading.default\">\n\t\t\t\t<div class=\"elementor-widget-container\">\n\t\t\t\t\t<h2 class=\"elementor-heading-title elementor-size-default\">5- Beherrschung und Kontrolle der Daten<\/h2>\t\t\t\t<\/div>\n\t\t\t\t<\/div>\n\t\t\t\t<div class=\"elementor-element elementor-element-d77afef elementor-widget elementor-widget-text-editor\" data-id=\"d77afef\" data-element_type=\"widget\" data-e-type=\"widget\" data-widget_type=\"text-editor.default\">\n\t\t\t\t<div class=\"elementor-widget-container\">\n\t\t\t\t\t\t\t\t\t<p><strong>In-memory<\/strong> beh\u00e4lt sich das Recht vor, die gesammelten pers\u00f6nlichen Daten zu analysieren, um den Benutzern Produkte und Dienstleistungen anzubieten.<\/p><p><strong>In-memory<\/strong> darf ohne die vorherige Zustimmung des Benutzers keine elektronische Prospektion durchf\u00fchren, es sei denn, dies ist durch die CNIL vorgesehen :<\/p><ul><li>Anmeldung f\u00fcr unsere Dienstleistungen<\/li><li>Freiwillige Aktion des Benutzers f\u00fcr ein Abonnement<\/li><li>Prospektion f\u00fcr Produkte oder Dienstleistungen, die denen bereits bereitgestellten \u00e4hnlich sind<\/li><li>Nicht-kommerzielle Prospektion<\/li><li>Widerspruchsrecht gegen die Prospektion auf einfache Anfrage an <a href=\"mailto:contact@in-memory.fr\">contact@in-memory.fr<\/a><\/li><li>Widerspruchsrecht gegen telefonische Werbung durch direkte Ablehnung auf der Website www.bloctel.gouv.fr<\/li><\/ul>\t\t\t\t\t\t\t\t<\/div>\n\t\t\t\t<\/div>\n\t\t\t\t\t<\/div>\n\t\t<\/div>\n\t\t\t\t\t<\/div>\n\t\t<\/section>\n\t\t\t\t<\/div>\n\t\t","protected":false},"excerpt":{"rendered":"<p>Datenschutzrichtlinie In-memory SAS verarbeitet im Rahmen ihrer Gesch\u00e4ftst\u00e4tigkeit Informationen \u00fcber Sie. Bei der Erstellung eines Benutzerkontos in der Anwendung In-memory werden bestimmte eingegebene Informationen zum Zweck der Identifikation und Nutzung gespeichert. Diese Daten betreffen alle Informationen, die eine nat\u00fcrliche Person direkt oder indirekt identifizieren: E-Mail, Vorname, Nachname, Adresse, Geburtsdatum usw. Dieses Dokument soll transparent \u00fcber [&hellip;]<\/p>\n","protected":false},"author":1,"featured_media":0,"parent":0,"menu_order":0,"comment_status":"closed","ping_status":"closed","template":"","meta":{"inline_featured_image":false,"footnotes":""},"class_list":["post-5312","page","type-page","status-publish","hentry"],"yoast_head":"<!-- This site is optimized with the Yoast SEO plugin v26.9 - https:\/\/yoast.com\/product\/yoast-seo-wordpress\/ -->\n<title>Datenschutzrichtlinie - In-memory<\/title>\n<meta name=\"description\" content=\"D\u00e9couvrez notre politique de confidentialit\u00e9 qui garantit la protection de vos donn\u00e9es personnelles en conformit\u00e9 avec la CNIL.\" \/>\n<meta name=\"robots\" content=\"index, follow, max-snippet:-1, max-image-preview:large, max-video-preview:-1\" \/>\n<link rel=\"canonical\" href=\"https:\/\/www.in-memory.fr\/?page_id=5312&lang=de\" \/>\n<meta property=\"og:locale\" content=\"fr_FR\" \/>\n<meta property=\"og:type\" content=\"article\" \/>\n<meta property=\"og:title\" content=\"Datenschutzrichtlinie - In-memory\" \/>\n<meta property=\"og:description\" content=\"D\u00e9couvrez notre politique de confidentialit\u00e9 qui garantit la protection de vos donn\u00e9es personnelles en conformit\u00e9 avec la CNIL.\" \/>\n<meta property=\"og:url\" content=\"https:\/\/www.in-memory.fr\/?page_id=5312&amp;lang=de\" \/>\n<meta property=\"og:site_name\" content=\"In-memory\" \/>\n<meta property=\"article:modified_time\" content=\"2023-11-15T13:41:04+00:00\" \/>\n<meta name=\"twitter:card\" content=\"summary_large_image\" \/>\n<meta name=\"twitter:label1\" content=\"Dur\u00e9e de lecture estim\u00e9e\" \/>\n\t<meta name=\"twitter:data1\" content=\"5 minutes\" \/>\n<script type=\"application\/ld+json\" class=\"yoast-schema-graph\">{\"@context\":\"https:\/\/schema.org\",\"@graph\":[{\"@type\":\"WebPage\",\"@id\":\"https:\/\/www.in-memory.fr\/?page_id=5312&lang=de\",\"url\":\"https:\/\/www.in-memory.fr\/?page_id=5312&lang=de\",\"name\":\"Datenschutzrichtlinie - In-memory\",\"isPartOf\":{\"@id\":\"https:\/\/www.in-memory.fr\/#website\"},\"datePublished\":\"2023-11-14T08:12:12+00:00\",\"dateModified\":\"2023-11-15T13:41:04+00:00\",\"description\":\"D\u00e9couvrez notre politique de confidentialit\u00e9 qui garantit la protection de vos donn\u00e9es personnelles en conformit\u00e9 avec la CNIL.\",\"breadcrumb\":{\"@id\":\"https:\/\/www.in-memory.fr\/?page_id=5312&lang=de#breadcrumb\"},\"inLanguage\":\"fr-FR\",\"potentialAction\":[{\"@type\":\"ReadAction\",\"target\":[\"https:\/\/www.in-memory.fr\/?page_id=5312&lang=de\"]}]},{\"@type\":\"BreadcrumbList\",\"@id\":\"https:\/\/www.in-memory.fr\/?page_id=5312&lang=de#breadcrumb\",\"itemListElement\":[{\"@type\":\"ListItem\",\"position\":1,\"name\":\"Accueil\",\"item\":\"https:\/\/www.in-memory.fr\/\"},{\"@type\":\"ListItem\",\"position\":2,\"name\":\"Datenschutzrichtlinie\"}]},{\"@type\":\"WebSite\",\"@id\":\"https:\/\/www.in-memory.fr\/#website\",\"url\":\"https:\/\/www.in-memory.fr\/\",\"name\":\"In-memory\",\"description\":\"Parce que c&#039;est la vie\",\"publisher\":{\"@id\":\"https:\/\/www.in-memory.fr\/#organization\"},\"potentialAction\":[{\"@type\":\"SearchAction\",\"target\":{\"@type\":\"EntryPoint\",\"urlTemplate\":\"https:\/\/www.in-memory.fr\/?s={search_term_string}\"},\"query-input\":{\"@type\":\"PropertyValueSpecification\",\"valueRequired\":true,\"valueName\":\"search_term_string\"}}],\"inLanguage\":\"fr-FR\"},{\"@type\":\"Organization\",\"@id\":\"https:\/\/www.in-memory.fr\/#organization\",\"name\":\"In-memory\",\"url\":\"https:\/\/www.in-memory.fr\/\",\"logo\":{\"@type\":\"ImageObject\",\"inLanguage\":\"fr-FR\",\"@id\":\"https:\/\/www.in-memory.fr\/#\/schema\/logo\/image\/\",\"url\":\"https:\/\/www.in-memory.fr\/wp-content\/uploads\/2023\/01\/inmemory.png\",\"contentUrl\":\"https:\/\/www.in-memory.fr\/wp-content\/uploads\/2023\/01\/inmemory.png\",\"width\":86,\"height\":65,\"caption\":\"In-memory\"},\"image\":{\"@id\":\"https:\/\/www.in-memory.fr\/#\/schema\/logo\/image\/\"}}]}<\/script>\n<!-- \/ Yoast SEO plugin. -->","yoast_head_json":{"title":"Datenschutzrichtlinie - In-memory","description":"D\u00e9couvrez notre politique de confidentialit\u00e9 qui garantit la protection de vos donn\u00e9es personnelles en conformit\u00e9 avec la CNIL.","robots":{"index":"index","follow":"follow","max-snippet":"max-snippet:-1","max-image-preview":"max-image-preview:large","max-video-preview":"max-video-preview:-1"},"canonical":"https:\/\/www.in-memory.fr\/?page_id=5312&lang=de","og_locale":"fr_FR","og_type":"article","og_title":"Datenschutzrichtlinie - In-memory","og_description":"D\u00e9couvrez notre politique de confidentialit\u00e9 qui garantit la protection de vos donn\u00e9es personnelles en conformit\u00e9 avec la CNIL.","og_url":"https:\/\/www.in-memory.fr\/?page_id=5312&lang=de","og_site_name":"In-memory","article_modified_time":"2023-11-15T13:41:04+00:00","twitter_card":"summary_large_image","twitter_misc":{"Dur\u00e9e de lecture estim\u00e9e":"5 minutes"},"schema":{"@context":"https:\/\/schema.org","@graph":[{"@type":"WebPage","@id":"https:\/\/www.in-memory.fr\/?page_id=5312&lang=de","url":"https:\/\/www.in-memory.fr\/?page_id=5312&lang=de","name":"Datenschutzrichtlinie - In-memory","isPartOf":{"@id":"https:\/\/www.in-memory.fr\/#website"},"datePublished":"2023-11-14T08:12:12+00:00","dateModified":"2023-11-15T13:41:04+00:00","description":"D\u00e9couvrez notre politique de confidentialit\u00e9 qui garantit la protection de vos donn\u00e9es personnelles en conformit\u00e9 avec la CNIL.","breadcrumb":{"@id":"https:\/\/www.in-memory.fr\/?page_id=5312&lang=de#breadcrumb"},"inLanguage":"fr-FR","potentialAction":[{"@type":"ReadAction","target":["https:\/\/www.in-memory.fr\/?page_id=5312&lang=de"]}]},{"@type":"BreadcrumbList","@id":"https:\/\/www.in-memory.fr\/?page_id=5312&lang=de#breadcrumb","itemListElement":[{"@type":"ListItem","position":1,"name":"Accueil","item":"https:\/\/www.in-memory.fr\/"},{"@type":"ListItem","position":2,"name":"Datenschutzrichtlinie"}]},{"@type":"WebSite","@id":"https:\/\/www.in-memory.fr\/#website","url":"https:\/\/www.in-memory.fr\/","name":"In-memory","description":"Parce que c&#039;est la vie","publisher":{"@id":"https:\/\/www.in-memory.fr\/#organization"},"potentialAction":[{"@type":"SearchAction","target":{"@type":"EntryPoint","urlTemplate":"https:\/\/www.in-memory.fr\/?s={search_term_string}"},"query-input":{"@type":"PropertyValueSpecification","valueRequired":true,"valueName":"search_term_string"}}],"inLanguage":"fr-FR"},{"@type":"Organization","@id":"https:\/\/www.in-memory.fr\/#organization","name":"In-memory","url":"https:\/\/www.in-memory.fr\/","logo":{"@type":"ImageObject","inLanguage":"fr-FR","@id":"https:\/\/www.in-memory.fr\/#\/schema\/logo\/image\/","url":"https:\/\/www.in-memory.fr\/wp-content\/uploads\/2023\/01\/inmemory.png","contentUrl":"https:\/\/www.in-memory.fr\/wp-content\/uploads\/2023\/01\/inmemory.png","width":86,"height":65,"caption":"In-memory"},"image":{"@id":"https:\/\/www.in-memory.fr\/#\/schema\/logo\/image\/"}}]}},"lang":"de","translations":{"de":5312,"en-us":5159,"fr":1972},"pll_sync_post":[],"_links":{"self":[{"href":"https:\/\/www.in-memory.fr\/index.php?rest_route=\/wp\/v2\/pages\/5312","targetHints":{"allow":["GET"]}}],"collection":[{"href":"https:\/\/www.in-memory.fr\/index.php?rest_route=\/wp\/v2\/pages"}],"about":[{"href":"https:\/\/www.in-memory.fr\/index.php?rest_route=\/wp\/v2\/types\/page"}],"author":[{"embeddable":true,"href":"https:\/\/www.in-memory.fr\/index.php?rest_route=\/wp\/v2\/users\/1"}],"replies":[{"embeddable":true,"href":"https:\/\/www.in-memory.fr\/index.php?rest_route=%2Fwp%2Fv2%2Fcomments&post=5312"}],"version-history":[{"count":34,"href":"https:\/\/www.in-memory.fr\/index.php?rest_route=\/wp\/v2\/pages\/5312\/revisions"}],"predecessor-version":[{"id":5346,"href":"https:\/\/www.in-memory.fr\/index.php?rest_route=\/wp\/v2\/pages\/5312\/revisions\/5346"}],"wp:attachment":[{"href":"https:\/\/www.in-memory.fr\/index.php?rest_route=%2Fwp%2Fv2%2Fmedia&parent=5312"}],"curies":[{"name":"wp","href":"https:\/\/api.w.org\/{rel}","templated":true}]}}